{"id":1017,"date":"2018-11-08T20:41:48","date_gmt":"2018-11-08T19:41:48","guid":{"rendered":"http:\/\/www.selvazzanobasket.it\/?page_id=1017"},"modified":"2022-10-08T15:28:36","modified_gmt":"2022-10-08T13:28:36","slug":"esordienti","status":"publish","type":"page","link":"https:\/\/www.selvazzanobasket.it\/index.php\/esordienti\/","title":{"rendered":"Esordienti"},"content":{"rendered":"<div id=\"pl-1017\"  class=\"panel-layout\" ><div id=\"pg-1017-0\"  class=\"panel-grid panel-no-style\" ><div id=\"pgc-1017-0-0\"  class=\"panel-grid-cell\" ><div id=\"panel-1017-0-0-0\" class=\"so-panel widget widget_sow-editor panel-first-child panel-last-child\" data-index=\"0\" ><div\n\t\t\t\n\t\t\tclass=\"so-widget-sow-editor so-widget-sow-editor-base\"\n\t\t\t\n\t\t>\n<div class=\"siteorigin-widget-tinymce textwidget\">\n\t<\/div>\n<\/div><\/div><\/div><div id=\"pgc-1017-0-1\"  class=\"panel-grid-cell\" ><div id=\"panel-1017-0-1-0\" class=\"so-panel widget widget_sow-editor panel-first-child panel-last-child\" data-index=\"1\" ><div\n\t\t\t\n\t\t\tclass=\"so-widget-sow-editor so-widget-sow-editor-base\"\n\t\t\t\n\t\t>\n<div class=\"siteorigin-widget-tinymce textwidget\">\n\t<hr \/>\n<p><strong>Allenamenti:<\/strong><\/p>\n<p><strong>Marted\u00ec<\/strong>: 18:00 19:30 ( A.Ceron )<\/p>\n<p><strong>Mercoled\u00ec<\/strong>: 18:00 19:30 ( A.Ceron )<\/p>\n<p><strong>Venerd\u00ec<\/strong>: 18:00 19:30 ( A.Ceron )<\/p>\n<hr \/>\n<p>&nbsp;<\/p>\n<\/div>\n<\/div><\/div><\/div><\/div><div id=\"pg-1017-1\"  class=\"panel-grid panel-no-style\" ><div id=\"pgc-1017-1-0\"  class=\"panel-grid-cell\" ><div id=\"panel-1017-1-0-0\" class=\"so-panel widget widget_sow-editor panel-first-child panel-last-child\" data-index=\"2\" ><div\n\t\t\t\n\t\t\tclass=\"so-widget-sow-editor so-widget-sow-editor-base\"\n\t\t\t\n\t\t><h3 class=\"widget-title\">Roster Atleti<\/h3>\n<div class=\"siteorigin-widget-tinymce textwidget\">\n\t<p>annata 2011<\/p>\n<\/div>\n<\/div><\/div><\/div><\/div><div id=\"pg-1017-2\"  class=\"panel-grid panel-no-style\" ><div id=\"pgc-1017-2-0\"  class=\"panel-grid-cell\" ><div id=\"panel-1017-2-0-0\" class=\"so-panel widget widget_sow-editor panel-first-child panel-last-child\" data-index=\"3\" ><div\n\t\t\t\n\t\t\tclass=\"so-widget-sow-editor so-widget-sow-editor-base\"\n\t\t\t\n\t\t><h3 class=\"widget-title\">Staff<\/h3>\n<div class=\"siteorigin-widget-tinymce textwidget\">\n\t<ul class=\"teamlist\">\n<li><a href=\"#michela-pagnin-istruttore-e-resp-minibasket-\" class=\"popup-with-zoom-anim\">Michela Pagnin( Istruttore e resp. minibasket )<\/a><div id=\"michela-pagnin-istruttore-e-resp-minibasket-\" class=\"custom-popup zoom-anim-dialog mfp-hide\">\n<li>Aldo Pavan ( Direttore Sportivo )<\/li>\n<p><img loading=\"lazy\" decoding=\"async\" class=\"size-medium wp-image-2684 aligncenter\" src=\"https:\/\/www.selvazzanobasket.it\/wp-content\/uploads\/2019\/11\/Under-13-Aldo-Pavan-e1602158870222-285x300.jpg\" alt=\"\" width=\"285\" height=\"300\" \/><\/p>\n<\/div><\/li>\n<\/ul>\n<p>&nbsp;<\/p>\n<\/div>\n<\/div><\/div><\/div><div id=\"pgc-1017-2-1\"  class=\"panel-grid-cell panel-grid-cell-empty panel-grid-cell-mobile-last\" ><\/div><div id=\"pgc-1017-2-2\"  class=\"panel-grid-cell panel-grid-cell-empty\" ><\/div><\/div><div id=\"pg-1017-3\"  class=\"panel-grid panel-no-style\" ><div id=\"pgc-1017-3-0\"  class=\"panel-grid-cell panel-grid-cell-empty\" ><\/div><\/div><\/div>","protected":false},"excerpt":{"rendered":"<p>Allenamenti: Marted\u00ec: 18:00 19:30 ( A.Ceron ) Mercoled\u00ec: 18:00 19:30 ( A.Ceron ) Venerd\u00ec: 18:00 19:30 ( A.Ceron ) &nbsp; annata 2011<\/p>\n","protected":false},"author":2,"featured_media":0,"parent":0,"menu_order":0,"comment_status":"closed","ping_status":"closed","template":"","meta":{"inline_featured_image":false,"footnotes":""},"aioseo_notices":[],"_links":{"self":[{"href":"https:\/\/www.selvazzanobasket.it\/index.php\/wp-json\/wp\/v2\/pages\/1017"}],"collection":[{"href":"https:\/\/www.selvazzanobasket.it\/index.php\/wp-json\/wp\/v2\/pages"}],"about":[{"href":"https:\/\/www.selvazzanobasket.it\/index.php\/wp-json\/wp\/v2\/types\/page"}],"author":[{"embeddable":true,"href":"https:\/\/www.selvazzanobasket.it\/index.php\/wp-json\/wp\/v2\/users\/2"}],"replies":[{"embeddable":true,"href":"https:\/\/www.selvazzanobasket.it\/index.php\/wp-json\/wp\/v2\/comments?post=1017"}],"version-history":[{"count":52,"href":"https:\/\/www.selvazzanobasket.it\/index.php\/wp-json\/wp\/v2\/pages\/1017\/revisions"}],"predecessor-version":[{"id":4070,"href":"https:\/\/www.selvazzanobasket.it\/index.php\/wp-json\/wp\/v2\/pages\/1017\/revisions\/4070"}],"wp:attachment":[{"href":"https:\/\/www.selvazzanobasket.it\/index.php\/wp-json\/wp\/v2\/media?parent=1017"}],"curies":[{"name":"wp","href":"https:\/\/api.w.org\/{rel}","templated":true}]}}