{"id":994,"date":"2018-11-08T19:02:09","date_gmt":"2018-11-08T18:02:09","guid":{"rendered":"http:\/\/www.selvazzanobasket.it\/?page_id=994"},"modified":"2025-12-15T15:14:21","modified_gmt":"2025-12-15T14:14:21","slug":"promozione","status":"publish","type":"page","link":"https:\/\/www.selvazzanobasket.it\/index.php\/promozione\/","title":{"rendered":"DIVISIONE REGIONALE 2"},"content":{"rendered":"<div id=\"pl-994\"  class=\"panel-layout\" ><div id=\"pg-994-0\"  class=\"panel-grid panel-no-style\" ><div id=\"pgc-994-0-0\"  class=\"panel-grid-cell panel-grid-cell-empty\" ><\/div><div id=\"pgc-994-0-1\"  class=\"panel-grid-cell\" ><div id=\"panel-994-0-1-0\" class=\"so-panel widget widget_sow-editor panel-first-child panel-last-child\" data-index=\"0\" ><div\n\t\t\t\n\t\t\tclass=\"so-widget-sow-editor so-widget-sow-editor-base\"\n\t\t\t\n\t\t>\n<div class=\"siteorigin-widget-tinymce textwidget\">\n\t<p><strong>Allenamenti:<\/strong><\/p>\n<p><em>Luned\u00ec<\/em>: 21:00 23:00 ( P.P. Menna )<\/p>\n<p><em>Mercoled\u00ec<\/em>: 19:30 21:30 ( A. Ceron )<\/p>\n<p><em>Venerd\u00ec<\/em>: 19:30 21:30 ( A. Ceron )<\/p>\n<\/div>\n<\/div><\/div><\/div><\/div><div id=\"pg-994-1\"  class=\"panel-grid panel-no-style\" ><div id=\"pgc-994-1-0\"  class=\"panel-grid-cell panel-grid-cell-mobile-last\" ><div id=\"panel-994-1-0-0\" class=\"so-panel widget widget_sow-editor panel-first-child panel-last-child\" data-index=\"1\" ><div\n\t\t\t\n\t\t\tclass=\"so-widget-sow-editor so-widget-sow-editor-base\"\n\t\t\t\n\t\t><h3 class=\"widget-title\">Roster Atleti<\/h3>\n<div class=\"siteorigin-widget-tinymce textwidget\">\n\t<p><img loading=\"lazy\" decoding=\"async\" class=\"alignnone size-medium wp-image-4256\" src=\"https:\/\/www.selvazzanobasket.it\/wp-content\/uploads\/2025\/12\/Screenshot_27-300x204.png\" alt=\"\" width=\"300\" height=\"204\" \/><\/p>\n<\/div>\n<\/div><\/div><\/div><div id=\"pgc-994-1-1\"  class=\"panel-grid-cell panel-grid-cell-empty\" ><\/div><\/div><div id=\"pg-994-2\"  class=\"panel-grid panel-no-style\" ><div id=\"pgc-994-2-0\"  class=\"panel-grid-cell\" ><div id=\"panel-994-2-0-0\" class=\"so-panel widget widget_sow-editor panel-first-child panel-last-child\" data-index=\"2\" ><div\n\t\t\t\n\t\t\tclass=\"so-widget-sow-editor so-widget-sow-editor-base\"\n\t\t\t\n\t\t><h3 class=\"widget-title\">Staff<\/h3>\n<div class=\"siteorigin-widget-tinymce textwidget\">\n\t<\/div>\n<\/div><\/div><\/div><div id=\"pgc-994-2-1\"  class=\"panel-grid-cell panel-grid-cell-empty panel-grid-cell-mobile-last\" ><\/div><div id=\"pgc-994-2-2\"  class=\"panel-grid-cell panel-grid-cell-empty\" ><\/div><\/div><div id=\"pg-994-3\"  class=\"panel-grid panel-no-style\" ><div id=\"pgc-994-3-0\"  class=\"panel-grid-cell\" ><div id=\"panel-994-3-0-0\" class=\"so-panel widget widget_sow-editor panel-first-child panel-last-child\" data-index=\"3\" ><div\n\t\t\t\n\t\t\tclass=\"so-widget-sow-editor so-widget-sow-editor-base\"\n\t\t\t\n\t\t>\n<div class=\"siteorigin-widget-tinymce textwidget\">\n\t<ul class=\"teamlist\"><br \/>\n<li><a href=\"#michele-celi-strongcoachstrong\" class=\"popup-with-zoom-anim\">Michele Celi <strong>COACH<\/strong><\/a><div id=\"michele-celi-strongcoachstrong\" class=\"custom-popup zoom-anim-dialog mfp-hide\"><br \/>\n<\/div><\/li><br \/>\n<li><a href=\"#enrico-cogo-strongcoachstrong\" class=\"popup-with-zoom-anim\">Enrico Cogo <strong>COACH<\/strong><\/a><div id=\"enrico-cogo-strongcoachstrong\" class=\"custom-popup zoom-anim-dialog mfp-hide\"><br \/>\n<\/div><\/li><br \/>\n<li><a href=\"#gia-renato-strong-the-pstrong\" class=\"popup-with-zoom-anim\">Gia Renato <strong>( THE P.)<\/strong><\/a><div id=\"gia-renato-strong-the-pstrong\" class=\"custom-popup zoom-anim-dialog mfp-hide\"><\/p>\n<p><img loading=\"lazy\" decoding=\"async\" class=\"aligncenter wp-image-3263 size-large\" src=\"https:\/\/www.selvazzanobasket.it\/wp-content\/uploads\/2019\/12\/Prima-Divisione-Renato-Gia-Presidente-e1698241877544-913x1024.jpg\" alt=\"\" width=\"913\" height=\"1024\" srcset=\"https:\/\/www.selvazzanobasket.it\/wp-content\/uploads\/2019\/12\/Prima-Divisione-Renato-Gia-Presidente-e1698241877544-913x1024.jpg 913w, https:\/\/www.selvazzanobasket.it\/wp-content\/uploads\/2019\/12\/Prima-Divisione-Renato-Gia-Presidente-e1698241877544-267x300.jpg 267w, https:\/\/www.selvazzanobasket.it\/wp-content\/uploads\/2019\/12\/Prima-Divisione-Renato-Gia-Presidente-e1698241877544-768x861.jpg 768w, https:\/\/www.selvazzanobasket.it\/wp-content\/uploads\/2019\/12\/Prima-Divisione-Renato-Gia-Presidente-e1698241877544.jpg 1077w\" sizes=\"(max-width: 913px) 100vw, 913px\" \/><\/p>\n<p><\/div><\/li><br \/>\n<\/ul>\n<\/div>\n<\/div><\/div><\/div><div id=\"pgc-994-3-1\"  class=\"panel-grid-cell panel-grid-cell-empty panel-grid-cell-mobile-last\" ><\/div><div id=\"pgc-994-3-2\"  class=\"panel-grid-cell panel-grid-cell-empty\" ><\/div><\/div><div id=\"pg-994-4\"  class=\"panel-grid panel-no-style\" ><div id=\"pgc-994-4-0\"  class=\"panel-grid-cell\" ><div id=\"panel-994-4-0-0\" class=\"so-panel widget widget_sow-editor panel-first-child panel-last-child\" data-index=\"4\" ><div\n\t\t\t\n\t\t\tclass=\"so-widget-sow-editor so-widget-sow-editor-base\"\n\t\t\t\n\t\t>\n<div class=\"siteorigin-widget-tinymce textwidget\">\n\t<p><strong><em>CALENDARIO PARTITE<\/em><\/strong><\/p>\n<p>&nbsp;<\/p>\n<p>&nbsp;<\/p>\n<\/div>\n<\/div><\/div><\/div><\/div><div id=\"pg-994-5\"  class=\"panel-grid panel-no-style\" ><div id=\"pgc-994-5-0\"  class=\"panel-grid-cell\" ><div id=\"panel-994-5-0-0\" class=\"so-panel widget widget_sow-editor panel-first-child panel-last-child\" data-index=\"5\" ><div\n\t\t\t\n\t\t\tclass=\"so-widget-sow-editor so-widget-sow-editor-base\"\n\t\t\t\n\t\t>\n<div class=\"siteorigin-widget-tinymce textwidget\">\n\t<p>&nbsp;<\/p>\n<p>&nbsp;<\/p>\n<p>&nbsp;<\/p>\n<p>Per la classifica e le designazioni consulta il sito <a href=\"https:\/\/www.fip.it\/risultati.aspx?com=PPD&amp;sesso=&amp;IDRegione=VE&amp;IDProvincia=PD\" target=\"_blank\" rel=\"noopener noreferrer\">FIP<\/a><\/p>\n<\/div>\n<\/div><\/div><\/div><\/div><\/div>","protected":false},"excerpt":{"rendered":"<p>Allenamenti: Luned\u00ec: 21:00 23:00 ( P.P. Menna ) Mercoled\u00ec: 19:30 21:30 ( A. Ceron ) Venerd\u00ec: 19:30 21:30 ( A. Ceron )<\/p>\n","protected":false},"author":2,"featured_media":0,"parent":0,"menu_order":0,"comment_status":"closed","ping_status":"closed","template":"","meta":{"inline_featured_image":false,"footnotes":""},"aioseo_notices":[],"_links":{"self":[{"href":"https:\/\/www.selvazzanobasket.it\/index.php\/wp-json\/wp\/v2\/pages\/994"}],"collection":[{"href":"https:\/\/www.selvazzanobasket.it\/index.php\/wp-json\/wp\/v2\/pages"}],"about":[{"href":"https:\/\/www.selvazzanobasket.it\/index.php\/wp-json\/wp\/v2\/types\/page"}],"author":[{"embeddable":true,"href":"https:\/\/www.selvazzanobasket.it\/index.php\/wp-json\/wp\/v2\/users\/2"}],"replies":[{"embeddable":true,"href":"https:\/\/www.selvazzanobasket.it\/index.php\/wp-json\/wp\/v2\/comments?post=994"}],"version-history":[{"count":83,"href":"https:\/\/www.selvazzanobasket.it\/index.php\/wp-json\/wp\/v2\/pages\/994\/revisions"}],"predecessor-version":[{"id":4257,"href":"https:\/\/www.selvazzanobasket.it\/index.php\/wp-json\/wp\/v2\/pages\/994\/revisions\/4257"}],"wp:attachment":[{"href":"https:\/\/www.selvazzanobasket.it\/index.php\/wp-json\/wp\/v2\/media?parent=994"}],"curies":[{"name":"wp","href":"https:\/\/api.w.org\/{rel}","templated":true}]}}